{"id":173,"date":"2020-01-27T14:05:39","date_gmt":"2020-01-27T14:05:39","guid":{"rendered":"https:\/\/jpic-assumpta.org\/?page_id=173"},"modified":"2020-02-18T11:34:18","modified_gmt":"2020-02-18T11:34:18","slug":"action","status":"publish","type":"page","link":"https:\/\/jpic-assumpta.org\/index.php\/action\/","title":{"rendered":"Action"},"content":{"rendered":"\t\t<div data-elementor-type=\"wp-page\" data-elementor-id=\"173\" class=\"elementor elementor-173\" data-elementor-post-type=\"page\">\n\t\t\t\t\t\t<section class=\"elementor-section elementor-top-section elementor-element elementor-element-27e7a359 elementor-section-height-min-height elementor-section-full_width elementor-section-height-default elementor-section-items-middle\" data-id=\"27e7a359\" data-element_type=\"section\" data-e-type=\"section\" data-settings=\"{&quot;background_background&quot;:&quot;classic&quot;}\">\n\t\t\t\t\t\t<div class=\"elementor-container elementor-column-gap-default\">\n\t\t\t\t\t<div class=\"elementor-column elementor-col-100 elementor-top-column elementor-element elementor-element-1ec39a97\" data-id=\"1ec39a97\" data-element_type=\"column\" data-e-type=\"column\">\n\t\t\t<div class=\"elementor-widget-wrap elementor-element-populated\">\n\t\t\t\t\t\t<div class=\"elementor-element elementor-element-6c9968fe elementor-widget elementor-widget-heading\" data-id=\"6c9968fe\" data-element_type=\"widget\" data-e-type=\"widget\" data-widget_type=\"heading.default\">\n\t\t\t\t<div class=\"elementor-widget-container\">\n\t\t\t\t\t<h1 class=\"elementor-heading-title elementor-size-default\">Action<\/h1>\t\t\t\t<\/div>\n\t\t\t\t<\/div>\n\t\t\t\t\t<\/div>\n\t\t<\/div>\n\t\t\t\t\t<\/div>\n\t\t<\/section>\n\t\t\t\t<section class=\"elementor-section elementor-top-section elementor-element elementor-element-3921cdb9 elementor-section-full_width elementor-section-height-default elementor-section-height-default\" data-id=\"3921cdb9\" data-element_type=\"section\" data-e-type=\"section\" data-settings=\"{&quot;background_background&quot;:&quot;classic&quot;}\">\n\t\t\t\t\t\t<div class=\"elementor-container elementor-column-gap-default\">\n\t\t\t\t\t<div class=\"elementor-column elementor-col-100 elementor-top-column elementor-element elementor-element-7f48d4b1\" data-id=\"7f48d4b1\" data-element_type=\"column\" data-e-type=\"column\">\n\t\t\t<div class=\"elementor-widget-wrap elementor-element-populated\">\n\t\t\t\t\t\t<div class=\"elementor-element elementor-element-5c8fba08 elementor-posts--align-left elementor-grid-3 elementor-grid-tablet-2 elementor-grid-mobile-1 elementor-posts--thumbnail-top elementor-posts__hover-gradient elementor-widget elementor-widget-posts\" data-id=\"5c8fba08\" data-element_type=\"widget\" data-e-type=\"widget\" data-settings=\"{&quot;cards_row_gap&quot;:{&quot;unit&quot;:&quot;px&quot;,&quot;size&quot;:60,&quot;sizes&quot;:[]},&quot;pagination_type&quot;:&quot;numbers&quot;,&quot;cards_columns&quot;:&quot;3&quot;,&quot;cards_columns_tablet&quot;:&quot;2&quot;,&quot;cards_columns_mobile&quot;:&quot;1&quot;,&quot;cards_row_gap_tablet&quot;:{&quot;unit&quot;:&quot;px&quot;,&quot;size&quot;:&quot;&quot;,&quot;sizes&quot;:[]},&quot;cards_row_gap_mobile&quot;:{&quot;unit&quot;:&quot;px&quot;,&quot;size&quot;:&quot;&quot;,&quot;sizes&quot;:[]}}\" data-widget_type=\"posts.cards\">\n\t\t\t\t<div class=\"elementor-widget-container\">\n\t\t\t\t\t\t\t<div class=\"elementor-posts-container elementor-posts elementor-posts--skin-cards elementor-grid\" role=\"list\">\n\t\t\t\t<article class=\"elementor-post elementor-grid-item post-2502 post type-post status-publish format-standard has-post-thumbnail hentry category-temoignages tag-francais\" role=\"listitem\">\n\t\t\t<div class=\"elementor-post__card\">\n\t\t\t\t<a class=\"elementor-post__thumbnail__link\" href=\"https:\/\/jpic-assumpta.org\/index.php\/2025\/07\/04\/le-parcours-dali-jeune-migrant-parraine-de-la-guerre-en-afghanistan-a-luniversite\/\" tabindex=\"-1\" ><div class=\"elementor-post__thumbnail\"><img fetchpriority=\"high\" decoding=\"async\" width=\"300\" height=\"300\" src=\"https:\/\/jpic-assumpta.org\/wp-content\/uploads\/2025\/07\/3-300x300.jpg\" class=\"attachment-medium size-medium wp-image-2508\" alt=\"\" srcset=\"https:\/\/jpic-assumpta.org\/wp-content\/uploads\/2025\/07\/3-300x300.jpg 300w, https:\/\/jpic-assumpta.org\/wp-content\/uploads\/2025\/07\/3-1024x1024.jpg 1024w, https:\/\/jpic-assumpta.org\/wp-content\/uploads\/2025\/07\/3-150x150.jpg 150w, https:\/\/jpic-assumpta.org\/wp-content\/uploads\/2025\/07\/3-768x768.jpg 768w, https:\/\/jpic-assumpta.org\/wp-content\/uploads\/2025\/07\/3-1536x1536.jpg 1536w, https:\/\/jpic-assumpta.org\/wp-content\/uploads\/2025\/07\/3.jpg 1654w\" sizes=\"(max-width: 300px) 100vw, 300px\" \/><\/div><\/a>\n\t\t\t\t<div class=\"elementor-post__badge\">Fran\u00e7ais<\/div>\n\t\t\t\t<div class=\"elementor-post__text\">\n\t\t\t\t<h3 class=\"elementor-post__title\">\n\t\t\t<a href=\"https:\/\/jpic-assumpta.org\/index.php\/2025\/07\/04\/le-parcours-dali-jeune-migrant-parraine-de-la-guerre-en-afghanistan-a-luniversite\/\" >\n\t\t\t\tLe parcours d&rsquo;Ali, jeune migrant parrain\u00e9 : de la guerre en Afghanistan \u00e0 l&rsquo;universit\u00e9\t\t\t<\/a>\n\t\t<\/h3>\n\t\t\t\t<div class=\"elementor-post__excerpt\">\n\t\t\t<p>Le parcours d&rsquo;Ali, jeune migrant parrain\u00e9 : de la guerre en Afghanistan \u00e0 l&rsquo;universit\u00e9 Aujourd\u2019hui \u00e2g\u00e9 de 19 ans, Ali a v\u00e9cu jusqu\u2019\u00e0 l\u2019\u00e2ge de<\/p>\n\t\t<\/div>\n\t\t\n\t\t<a class=\"elementor-post__read-more\" href=\"https:\/\/jpic-assumpta.org\/index.php\/2025\/07\/04\/le-parcours-dali-jeune-migrant-parraine-de-la-guerre-en-afghanistan-a-luniversite\/\" aria-label=\"En savoir plus sur Le parcours d&rsquo;Ali, jeune migrant parrain\u00e9 : de la guerre en Afghanistan \u00e0 l&rsquo;universit\u00e9\" tabindex=\"-1\" >\n\t\t\tContinuer \u00e0 lire\t\t<\/a>\n\n\t\t\t\t<\/div>\n\t\t\t\t<div class=\"elementor-post__meta-data\">\n\t\t\t\t\t<span class=\"elementor-post-date\">\n\t\t\tjuillet 4, 2025\t\t<\/span>\n\t\t\t\t<\/div>\n\t\t\t\t\t<\/div>\n\t\t<\/article>\n\t\t\t\t<article class=\"elementor-post elementor-grid-item post-2422 post type-post status-publish format-standard has-post-thumbnail hentry category-temoignages tag-english\" role=\"listitem\">\n\t\t\t<div class=\"elementor-post__card\">\n\t\t\t\t<a class=\"elementor-post__thumbnail__link\" href=\"https:\/\/jpic-assumpta.org\/index.php\/2025\/04\/12\/province-of-usa-memorial-in-the-santa-teresa-desert-remembering-refugees-who-died-on-their-journey-to-hope\/\" tabindex=\"-1\" ><div class=\"elementor-post__thumbnail\"><img decoding=\"async\" width=\"300\" height=\"157\" src=\"https:\/\/jpic-assumpta.org\/wp-content\/uploads\/2025\/04\/Chaparral-II-300x157.jpg\" class=\"attachment-medium size-medium wp-image-2423\" alt=\"\" srcset=\"https:\/\/jpic-assumpta.org\/wp-content\/uploads\/2025\/04\/Chaparral-II-300x157.jpg 300w, https:\/\/jpic-assumpta.org\/wp-content\/uploads\/2025\/04\/Chaparral-II-1024x535.jpg 1024w, https:\/\/jpic-assumpta.org\/wp-content\/uploads\/2025\/04\/Chaparral-II-768x401.jpg 768w, https:\/\/jpic-assumpta.org\/wp-content\/uploads\/2025\/04\/Chaparral-II.jpg 1417w\" sizes=\"(max-width: 300px) 100vw, 300px\" \/><\/div><\/a>\n\t\t\t\t<div class=\"elementor-post__badge\">English<\/div>\n\t\t\t\t<div class=\"elementor-post__text\">\n\t\t\t\t<h3 class=\"elementor-post__title\">\n\t\t\t<a href=\"https:\/\/jpic-assumpta.org\/index.php\/2025\/04\/12\/province-of-usa-memorial-in-the-santa-teresa-desert-remembering-refugees-who-died-on-their-journey-to-hope\/\" >\n\t\t\t\tProvince of USA: Memorial in the Santa Teresa Desert, Remembering Refugees Who Died on Their Journey to Hope\t\t\t<\/a>\n\t\t<\/h3>\n\t\t\t\t<div class=\"elementor-post__excerpt\">\n\t\t\t<p>At this time when we remember all the saints and souls who have gone before us and remain in communion with us, we want to<\/p>\n\t\t<\/div>\n\t\t\n\t\t<a class=\"elementor-post__read-more\" href=\"https:\/\/jpic-assumpta.org\/index.php\/2025\/04\/12\/province-of-usa-memorial-in-the-santa-teresa-desert-remembering-refugees-who-died-on-their-journey-to-hope\/\" aria-label=\"En savoir plus sur Province of USA: Memorial in the Santa Teresa Desert, Remembering Refugees Who Died on Their Journey to Hope\" tabindex=\"-1\" >\n\t\t\tContinuer \u00e0 lire\t\t<\/a>\n\n\t\t\t\t<\/div>\n\t\t\t\t<div class=\"elementor-post__meta-data\">\n\t\t\t\t\t<span class=\"elementor-post-date\">\n\t\t\tavril 12, 2025\t\t<\/span>\n\t\t\t\t<\/div>\n\t\t\t\t\t<\/div>\n\t\t<\/article>\n\t\t\t\t<article class=\"elementor-post elementor-grid-item post-2404 post type-post status-publish format-standard hentry category-temoignages\" role=\"listitem\">\n\t\t\t<div class=\"elementor-post__card\">\n\t\t\t\t<div class=\"elementor-post__text\">\n\t\t\t\t<h3 class=\"elementor-post__title\">\n\t\t\t<a href=\"https:\/\/jpic-assumpta.org\/index.php\/2025\/03\/21\/temoins-jpic-assomtion\/\" >\n\t\t\t\tTEMOINS JPIC ASSOMPTION\t\t\t<\/a>\n\t\t<\/h3>\n\t\t\t\t<div class=\"elementor-post__excerpt\">\n\t\t\t\t\t<\/div>\n\t\t\n\t\t<a class=\"elementor-post__read-more\" href=\"https:\/\/jpic-assumpta.org\/index.php\/2025\/03\/21\/temoins-jpic-assomtion\/\" aria-label=\"En savoir plus sur TEMOINS JPIC ASSOMPTION\" tabindex=\"-1\" >\n\t\t\tContinuer \u00e0 lire\t\t<\/a>\n\n\t\t\t\t<\/div>\n\t\t\t\t<div class=\"elementor-post__meta-data\">\n\t\t\t\t\t<span class=\"elementor-post-date\">\n\t\t\tmars 21, 2025\t\t<\/span>\n\t\t\t\t<\/div>\n\t\t\t\t\t<\/div>\n\t\t<\/article>\n\t\t\t\t<article class=\"elementor-post elementor-grid-item post-2326 post type-post status-publish format-standard has-post-thumbnail hentry category-temoignages tag-francais\" role=\"listitem\">\n\t\t\t<div class=\"elementor-post__card\">\n\t\t\t\t<a class=\"elementor-post__thumbnail__link\" href=\"https:\/\/jpic-assumpta.org\/index.php\/2025\/02\/22\/assistance-aux-enfants-refugies-de-guerre-a-lest-de-la-r-d-congo-temoignage-des-oblates-de-lassomption-a-goma\/\" tabindex=\"-1\" ><div class=\"elementor-post__thumbnail\"><img decoding=\"async\" width=\"300\" height=\"300\" src=\"https:\/\/jpic-assumpta.org\/wp-content\/uploads\/2025\/02\/Design-sem-nome-6-300x300.png\" class=\"attachment-medium size-medium wp-image-2327\" alt=\"\" srcset=\"https:\/\/jpic-assumpta.org\/wp-content\/uploads\/2025\/02\/Design-sem-nome-6-300x300.png 300w, https:\/\/jpic-assumpta.org\/wp-content\/uploads\/2025\/02\/Design-sem-nome-6-1024x1024.png 1024w, https:\/\/jpic-assumpta.org\/wp-content\/uploads\/2025\/02\/Design-sem-nome-6-150x150.png 150w, https:\/\/jpic-assumpta.org\/wp-content\/uploads\/2025\/02\/Design-sem-nome-6-768x768.png 768w, https:\/\/jpic-assumpta.org\/wp-content\/uploads\/2025\/02\/Design-sem-nome-6-1536x1536.png 1536w, https:\/\/jpic-assumpta.org\/wp-content\/uploads\/2025\/02\/Design-sem-nome-6.png 1654w\" sizes=\"(max-width: 300px) 100vw, 300px\" \/><\/div><\/a>\n\t\t\t\t<div class=\"elementor-post__badge\">Fran\u00e7ais<\/div>\n\t\t\t\t<div class=\"elementor-post__text\">\n\t\t\t\t<h3 class=\"elementor-post__title\">\n\t\t\t<a href=\"https:\/\/jpic-assumpta.org\/index.php\/2025\/02\/22\/assistance-aux-enfants-refugies-de-guerre-a-lest-de-la-r-d-congo-temoignage-des-oblates-de-lassomption-a-goma\/\" >\n\t\t\t\tAssistance aux enfants r\u00e9fugi\u00e9s de guerre \u00e0 l\u2019Est de la R.D.Congo- t\u00e9moignage des Oblates de l\u2019Assomption \u00e0 Goma\t\t\t<\/a>\n\t\t<\/h3>\n\t\t\t\t<div class=\"elementor-post__excerpt\">\n\t\t\t<p>. &nbsp;&nbsp;&nbsp; En R\u00e9publique D\u00e9mocratique du Congo, c\u2019est depuis plus de 30 ans que l\u2019Est du pays est le th\u00e9\u00e2tre de la guerre avec ses<\/p>\n\t\t<\/div>\n\t\t\n\t\t<a class=\"elementor-post__read-more\" href=\"https:\/\/jpic-assumpta.org\/index.php\/2025\/02\/22\/assistance-aux-enfants-refugies-de-guerre-a-lest-de-la-r-d-congo-temoignage-des-oblates-de-lassomption-a-goma\/\" aria-label=\"En savoir plus sur Assistance aux enfants r\u00e9fugi\u00e9s de guerre \u00e0 l\u2019Est de la R.D.Congo- t\u00e9moignage des Oblates de l\u2019Assomption \u00e0 Goma\" tabindex=\"-1\" >\n\t\t\tContinuer \u00e0 lire\t\t<\/a>\n\n\t\t\t\t<\/div>\n\t\t\t\t<div class=\"elementor-post__meta-data\">\n\t\t\t\t\t<span class=\"elementor-post-date\">\n\t\t\tf\u00e9vrier 22, 2025\t\t<\/span>\n\t\t\t\t<\/div>\n\t\t\t\t\t<\/div>\n\t\t<\/article>\n\t\t\t\t<article class=\"elementor-post elementor-grid-item post-2315 post type-post status-publish format-standard has-post-thumbnail hentry category-action\" role=\"listitem\">\n\t\t\t<div class=\"elementor-post__card\">\n\t\t\t\t<a class=\"elementor-post__thumbnail__link\" href=\"https:\/\/jpic-assumpta.org\/index.php\/2024\/06\/07\/transformative-education-for-migrant-children-through-child-parliaments-at-patna-slums-of-bihar-india\/\" tabindex=\"-1\" ><div class=\"elementor-post__thumbnail\"><img loading=\"lazy\" decoding=\"async\" width=\"300\" height=\"300\" src=\"https:\/\/jpic-assumpta.org\/wp-content\/uploads\/2024\/06\/Foto-3-Experiencia-India-Parlamento-de-los-ninos-1-300x300.jpg\" class=\"attachment-medium size-medium wp-image-2316\" alt=\"\" srcset=\"https:\/\/jpic-assumpta.org\/wp-content\/uploads\/2024\/06\/Foto-3-Experiencia-India-Parlamento-de-los-ninos-1-300x300.jpg 300w, https:\/\/jpic-assumpta.org\/wp-content\/uploads\/2024\/06\/Foto-3-Experiencia-India-Parlamento-de-los-ninos-1-1024x1024.jpg 1024w, https:\/\/jpic-assumpta.org\/wp-content\/uploads\/2024\/06\/Foto-3-Experiencia-India-Parlamento-de-los-ninos-1-150x150.jpg 150w, https:\/\/jpic-assumpta.org\/wp-content\/uploads\/2024\/06\/Foto-3-Experiencia-India-Parlamento-de-los-ninos-1-768x768.jpg 768w, https:\/\/jpic-assumpta.org\/wp-content\/uploads\/2024\/06\/Foto-3-Experiencia-India-Parlamento-de-los-ninos-1.jpg 1080w\" sizes=\"(max-width: 300px) 100vw, 300px\" \/><\/div><\/a>\n\t\t\t\t<div class=\"elementor-post__text\">\n\t\t\t\t<h3 class=\"elementor-post__title\">\n\t\t\t<a href=\"https:\/\/jpic-assumpta.org\/index.php\/2024\/06\/07\/transformative-education-for-migrant-children-through-child-parliaments-at-patna-slums-of-bihar-india\/\" >\n\t\t\t\tTransformative Education for Migrant Children through Child Parliaments, at Patna slums of Bihar, India.\t\t\t<\/a>\n\t\t<\/h3>\n\t\t\t\t<div class=\"elementor-post__excerpt\">\n\t\t\t<p>\u201cTo educate is to allow the good to break through the rock that imprisons it and bring it to the light where it can blossom<\/p>\n\t\t<\/div>\n\t\t\n\t\t<a class=\"elementor-post__read-more\" href=\"https:\/\/jpic-assumpta.org\/index.php\/2024\/06\/07\/transformative-education-for-migrant-children-through-child-parliaments-at-patna-slums-of-bihar-india\/\" aria-label=\"En savoir plus sur Transformative Education for Migrant Children through Child Parliaments, at Patna slums of Bihar, India.\" tabindex=\"-1\" >\n\t\t\tContinuer \u00e0 lire\t\t<\/a>\n\n\t\t\t\t<\/div>\n\t\t\t\t<div class=\"elementor-post__meta-data\">\n\t\t\t\t\t<span class=\"elementor-post-date\">\n\t\t\tjuin 7, 2024\t\t<\/span>\n\t\t\t\t<\/div>\n\t\t\t\t\t<\/div>\n\t\t<\/article>\n\t\t\t\t<article class=\"elementor-post elementor-grid-item post-2270 post type-post status-publish format-standard has-post-thumbnail hentry category-action tag-francais\" role=\"listitem\">\n\t\t\t<div class=\"elementor-post__card\">\n\t\t\t\t<a class=\"elementor-post__thumbnail__link\" href=\"https:\/\/jpic-assumpta.org\/index.php\/2024\/05\/26\/quand-un-ecolier-decrie-les-injustices\/\" tabindex=\"-1\" ><div class=\"elementor-post__thumbnail\"><img loading=\"lazy\" decoding=\"async\" width=\"300\" height=\"300\" src=\"https:\/\/jpic-assumpta.org\/wp-content\/uploads\/2024\/05\/Design-sem-nome-300x300.png\" class=\"attachment-medium size-medium wp-image-2272\" alt=\"\" srcset=\"https:\/\/jpic-assumpta.org\/wp-content\/uploads\/2024\/05\/Design-sem-nome-300x300.png 300w, https:\/\/jpic-assumpta.org\/wp-content\/uploads\/2024\/05\/Design-sem-nome-1024x1024.png 1024w, https:\/\/jpic-assumpta.org\/wp-content\/uploads\/2024\/05\/Design-sem-nome-150x150.png 150w, https:\/\/jpic-assumpta.org\/wp-content\/uploads\/2024\/05\/Design-sem-nome-768x768.png 768w, https:\/\/jpic-assumpta.org\/wp-content\/uploads\/2024\/05\/Design-sem-nome-1536x1536.png 1536w, https:\/\/jpic-assumpta.org\/wp-content\/uploads\/2024\/05\/Design-sem-nome.png 1654w\" sizes=\"(max-width: 300px) 100vw, 300px\" \/><\/div><\/a>\n\t\t\t\t<div class=\"elementor-post__badge\">Fran\u00e7ais<\/div>\n\t\t\t\t<div class=\"elementor-post__text\">\n\t\t\t\t<h3 class=\"elementor-post__title\">\n\t\t\t<a href=\"https:\/\/jpic-assumpta.org\/index.php\/2024\/05\/26\/quand-un-ecolier-decrie-les-injustices\/\" >\n\t\t\t\tQuand un \u00e9colier d\u00e9crie les injustices\t\t\t<\/a>\n\t\t<\/h3>\n\t\t\t\t<div class=\"elementor-post__excerpt\">\n\t\t\t<p>IN\u00c9GALIT\u00c9S SOCIALES Les petites maladies rongent la soci\u00e9t\u00e9 \u00e0 pas de g\u00e9ants. Tous les pays du monde viennent puiser chez nous. Les puissants vivent dans<\/p>\n\t\t<\/div>\n\t\t\n\t\t<a class=\"elementor-post__read-more\" href=\"https:\/\/jpic-assumpta.org\/index.php\/2024\/05\/26\/quand-un-ecolier-decrie-les-injustices\/\" aria-label=\"En savoir plus sur Quand un \u00e9colier d\u00e9crie les injustices\" tabindex=\"-1\" >\n\t\t\tContinuer \u00e0 lire\t\t<\/a>\n\n\t\t\t\t<\/div>\n\t\t\t\t<div class=\"elementor-post__meta-data\">\n\t\t\t\t\t<span class=\"elementor-post-date\">\n\t\t\tmai 26, 2024\t\t<\/span>\n\t\t\t\t<\/div>\n\t\t\t\t\t<\/div>\n\t\t<\/article>\n\t\t\t\t<article class=\"elementor-post elementor-grid-item post-2256 post type-post status-publish format-standard has-post-thumbnail hentry category-action tag-english\" role=\"listitem\">\n\t\t\t<div class=\"elementor-post__card\">\n\t\t\t\t<a class=\"elementor-post__thumbnail__link\" href=\"https:\/\/jpic-assumpta.org\/index.php\/2024\/04\/06\/solidarity\/\" tabindex=\"-1\" ><div class=\"elementor-post__thumbnail\"><img loading=\"lazy\" decoding=\"async\" width=\"225\" height=\"300\" src=\"https:\/\/jpic-assumpta.org\/wp-content\/uploads\/2024\/04\/7-225x300.jpg\" class=\"attachment-medium size-medium wp-image-2257\" alt=\"\" srcset=\"https:\/\/jpic-assumpta.org\/wp-content\/uploads\/2024\/04\/7-225x300.jpg 225w, https:\/\/jpic-assumpta.org\/wp-content\/uploads\/2024\/04\/7-768x1024.jpg 768w, https:\/\/jpic-assumpta.org\/wp-content\/uploads\/2024\/04\/7-1152x1536.jpg 1152w, https:\/\/jpic-assumpta.org\/wp-content\/uploads\/2024\/04\/7.jpg 1512w\" sizes=\"(max-width: 225px) 100vw, 225px\" \/><\/div><\/a>\n\t\t\t\t<div class=\"elementor-post__badge\">English<\/div>\n\t\t\t\t<div class=\"elementor-post__text\">\n\t\t\t\t<h3 class=\"elementor-post__title\">\n\t\t\t<a href=\"https:\/\/jpic-assumpta.org\/index.php\/2024\/04\/06\/solidarity\/\" >\n\t\t\t\tSolidarity\t\t\t<\/a>\n\t\t<\/h3>\n\t\t\t\t<div class=\"elementor-post__excerpt\">\n\t\t\t<p>My name is Norma Benitez, I am originally from Mexico but I have lived in New York City since 1990, that is when I met<\/p>\n\t\t<\/div>\n\t\t\n\t\t<a class=\"elementor-post__read-more\" href=\"https:\/\/jpic-assumpta.org\/index.php\/2024\/04\/06\/solidarity\/\" aria-label=\"En savoir plus sur Solidarity\" tabindex=\"-1\" >\n\t\t\tContinuer \u00e0 lire\t\t<\/a>\n\n\t\t\t\t<\/div>\n\t\t\t\t<div class=\"elementor-post__meta-data\">\n\t\t\t\t\t<span class=\"elementor-post-date\">\n\t\t\tavril 6, 2024\t\t<\/span>\n\t\t\t\t<\/div>\n\t\t\t\t\t<\/div>\n\t\t<\/article>\n\t\t\t\t<article class=\"elementor-post elementor-grid-item post-2243 post type-post status-publish format-standard has-post-thumbnail hentry category-action tag-francais\" role=\"listitem\">\n\t\t\t<div class=\"elementor-post__card\">\n\t\t\t\t<a class=\"elementor-post__thumbnail__link\" href=\"https:\/\/jpic-assumpta.org\/index.php\/2024\/03\/11\/experience-en-espagne\/\" tabindex=\"-1\" ><div class=\"elementor-post__thumbnail\"><img loading=\"lazy\" decoding=\"async\" width=\"300\" height=\"300\" src=\"https:\/\/jpic-assumpta.org\/wp-content\/uploads\/2024\/03\/2-ecologia-integral-300x300.png\" class=\"attachment-medium size-medium wp-image-2244\" alt=\"\" srcset=\"https:\/\/jpic-assumpta.org\/wp-content\/uploads\/2024\/03\/2-ecologia-integral-300x300.png 300w, https:\/\/jpic-assumpta.org\/wp-content\/uploads\/2024\/03\/2-ecologia-integral-1024x1024.png 1024w, https:\/\/jpic-assumpta.org\/wp-content\/uploads\/2024\/03\/2-ecologia-integral-150x150.png 150w, https:\/\/jpic-assumpta.org\/wp-content\/uploads\/2024\/03\/2-ecologia-integral-768x768.png 768w, https:\/\/jpic-assumpta.org\/wp-content\/uploads\/2024\/03\/2-ecologia-integral-1536x1536.png 1536w, https:\/\/jpic-assumpta.org\/wp-content\/uploads\/2024\/03\/2-ecologia-integral.png 1654w\" sizes=\"(max-width: 300px) 100vw, 300px\" \/><\/div><\/a>\n\t\t\t\t<div class=\"elementor-post__badge\">Fran\u00e7ais<\/div>\n\t\t\t\t<div class=\"elementor-post__text\">\n\t\t\t\t<h3 class=\"elementor-post__title\">\n\t\t\t<a href=\"https:\/\/jpic-assumpta.org\/index.php\/2024\/03\/11\/experience-en-espagne\/\" >\n\t\t\t\tEXPERIENCE EN \u00a0ESPAGNE\t\t\t<\/a>\n\t\t<\/h3>\n\t\t\t\t<div class=\"elementor-post__excerpt\">\n\t\t\t<p>Nom de l&rsquo;EXPERIENCE 1. Surveiller et prendre soin de la sant\u00e9 environnementale du chemin fran\u00e7ais de Saint-Jacques de Compostelle. SARRIA (Galice) 2. Conversion \u00e9cologique, sources<\/p>\n\t\t<\/div>\n\t\t\n\t\t<a class=\"elementor-post__read-more\" href=\"https:\/\/jpic-assumpta.org\/index.php\/2024\/03\/11\/experience-en-espagne\/\" aria-label=\"En savoir plus sur EXPERIENCE EN \u00a0ESPAGNE\" tabindex=\"-1\" >\n\t\t\tContinuer \u00e0 lire\t\t<\/a>\n\n\t\t\t\t<\/div>\n\t\t\t\t<div class=\"elementor-post__meta-data\">\n\t\t\t\t\t<span class=\"elementor-post-date\">\n\t\t\tmars 11, 2024\t\t<\/span>\n\t\t\t\t<\/div>\n\t\t\t\t\t<\/div>\n\t\t<\/article>\n\t\t\t\t<article class=\"elementor-post elementor-grid-item post-2198 post type-post status-publish format-standard has-post-thumbnail hentry category-temoignages tag-francais\" role=\"listitem\">\n\t\t\t<div class=\"elementor-post__card\">\n\t\t\t\t<a class=\"elementor-post__thumbnail__link\" href=\"https:\/\/jpic-assumpta.org\/index.php\/2023\/09\/14\/experience-avec-les-deplaces\/\" tabindex=\"-1\" ><div class=\"elementor-post__thumbnail\"><img loading=\"lazy\" decoding=\"async\" width=\"300\" height=\"213\" src=\"https:\/\/jpic-assumpta.org\/wp-content\/uploads\/2023\/09\/1-Experience-avec-les-deplaces-300x213.png\" class=\"attachment-medium size-medium wp-image-2201\" alt=\"\" srcset=\"https:\/\/jpic-assumpta.org\/wp-content\/uploads\/2023\/09\/1-Experience-avec-les-deplaces-300x213.png 300w, https:\/\/jpic-assumpta.org\/wp-content\/uploads\/2023\/09\/1-Experience-avec-les-deplaces-1024x726.png 1024w, https:\/\/jpic-assumpta.org\/wp-content\/uploads\/2023\/09\/1-Experience-avec-les-deplaces-768x545.png 768w, https:\/\/jpic-assumpta.org\/wp-content\/uploads\/2023\/09\/1-Experience-avec-les-deplaces-1536x1090.png 1536w, https:\/\/jpic-assumpta.org\/wp-content\/uploads\/2023\/09\/1-Experience-avec-les-deplaces.png 1748w\" sizes=\"(max-width: 300px) 100vw, 300px\" \/><\/div><\/a>\n\t\t\t\t<div class=\"elementor-post__badge\">Fran\u00e7ais<\/div>\n\t\t\t\t<div class=\"elementor-post__text\">\n\t\t\t\t<h3 class=\"elementor-post__title\">\n\t\t\t<a href=\"https:\/\/jpic-assumpta.org\/index.php\/2023\/09\/14\/experience-avec-les-deplaces\/\" >\n\t\t\t\tExp\u00e9rience avec les d\u00e9plac\u00e9s\t\t\t<\/a>\n\t\t<\/h3>\n\t\t\t\t<div class=\"elementor-post__excerpt\">\n\t\t\t<p>Au nord du dioc\u00e8se de Butembo-Beni \u00e0 l&rsquo;Est de la RDC se trouve un coin qui fut comme un paradis les ann\u00e9es 70-80, tant il<\/p>\n\t\t<\/div>\n\t\t\n\t\t<a class=\"elementor-post__read-more\" href=\"https:\/\/jpic-assumpta.org\/index.php\/2023\/09\/14\/experience-avec-les-deplaces\/\" aria-label=\"En savoir plus sur Exp\u00e9rience avec les d\u00e9plac\u00e9s\" tabindex=\"-1\" >\n\t\t\tContinuer \u00e0 lire\t\t<\/a>\n\n\t\t\t\t<\/div>\n\t\t\t\t<div class=\"elementor-post__meta-data\">\n\t\t\t\t\t<span class=\"elementor-post-date\">\n\t\t\tseptembre 14, 2023\t\t<\/span>\n\t\t\t\t<\/div>\n\t\t\t\t\t<\/div>\n\t\t<\/article>\n\t\t\t\t<\/div>\n\t\t\n\t\t\t\t<div class=\"e-load-more-anchor\" data-page=\"1\" data-max-page=\"13\" data-next-page=\"https:\/\/jpic-assumpta.org\/index.php\/wp-json\/wp\/v2\/pages\/173\/page\/2\/\"><\/div>\n\t\t\t\t<nav class=\"elementor-pagination\" aria-label=\"Pagination\">\n\t\t\t<span aria-current=\"page\" class=\"page-numbers current\"><span class=\"elementor-screen-only\">Page<\/span>1<\/span>\n<a class=\"page-numbers\" href=\"https:\/\/jpic-assumpta.org\/index.php\/wp-json\/wp\/v2\/pages\/173\/page\/2\/\"><span class=\"elementor-screen-only\">Page<\/span>2<\/a>\n<a class=\"page-numbers\" href=\"https:\/\/jpic-assumpta.org\/index.php\/wp-json\/wp\/v2\/pages\/173\/page\/3\/\"><span class=\"elementor-screen-only\">Page<\/span>3<\/a>\n<a class=\"page-numbers\" href=\"https:\/\/jpic-assumpta.org\/index.php\/wp-json\/wp\/v2\/pages\/173\/page\/4\/\"><span class=\"elementor-screen-only\">Page<\/span>4<\/a>\n<a class=\"page-numbers\" href=\"https:\/\/jpic-assumpta.org\/index.php\/wp-json\/wp\/v2\/pages\/173\/page\/5\/\"><span class=\"elementor-screen-only\">Page<\/span>5<\/a>\t\t<\/nav>\n\t\t\t\t\t\t<\/div>\n\t\t\t\t<\/div>\n\t\t\t\t\t<\/div>\n\t\t<\/div>\n\t\t\t\t\t<\/div>\n\t\t<\/section>\n\t\t\t\t<\/div>\n\t\t","protected":false},"excerpt":{"rendered":"<p>Action<\/p>\n","protected":false},"author":1,"featured_media":0,"parent":0,"menu_order":0,"comment_status":"closed","ping_status":"closed","template":"","meta":{"footnotes":""},"class_list":["post-173","page","type-page","status-publish","hentry"],"_links":{"self":[{"href":"https:\/\/jpic-assumpta.org\/index.php\/wp-json\/wp\/v2\/pages\/173","targetHints":{"allow":["GET"]}}],"collection":[{"href":"https:\/\/jpic-assumpta.org\/index.php\/wp-json\/wp\/v2\/pages"}],"about":[{"href":"https:\/\/jpic-assumpta.org\/index.php\/wp-json\/wp\/v2\/types\/page"}],"author":[{"embeddable":true,"href":"https:\/\/jpic-assumpta.org\/index.php\/wp-json\/wp\/v2\/users\/1"}],"replies":[{"embeddable":true,"href":"https:\/\/jpic-assumpta.org\/index.php\/wp-json\/wp\/v2\/comments?post=173"}],"version-history":[{"count":5,"href":"https:\/\/jpic-assumpta.org\/index.php\/wp-json\/wp\/v2\/pages\/173\/revisions"}],"predecessor-version":[{"id":684,"href":"https:\/\/jpic-assumpta.org\/index.php\/wp-json\/wp\/v2\/pages\/173\/revisions\/684"}],"wp:attachment":[{"href":"https:\/\/jpic-assumpta.org\/index.php\/wp-json\/wp\/v2\/media?parent=173"}],"curies":[{"name":"wp","href":"https:\/\/api.w.org\/{rel}","templated":true}]}}